{"id":973,"date":"2024-11-21T11:59:14","date_gmt":"2024-11-21T10:59:14","guid":{"rendered":"https:\/\/www.lesconferencesdubienvieillir.fr\/?page_id=973"},"modified":"2024-11-21T11:59:14","modified_gmt":"2024-11-21T10:59:14","slug":"le-bonheur-plus-fort-que-loubli-19-11-2024","status":"publish","type":"page","link":"https:\/\/www.lesconferencesdubienvieillir.fr\/?page_id=973","title":{"rendered":"&#8220;Le bonheur plus fort que l&#8217;oubli&#8221; &#8211; 19\/11\/2024"},"content":{"rendered":"\n<h4 class=\"wp-block-heading\">par Colette Roumanoff, auteur et metteur en sc\u00e8ne<\/h4>\n\n\n\n<h2 class=\"wp-block-heading has-text-align-center\">La conf\u00e9rence en vid\u00e9o :<\/h2>\n\n\n<p><iframe loading=\"lazy\" title=\"Le bonheur plus fort que l&#039;oubli\" width=\"500\" height=\"375\" src=\"https:\/\/www.youtube.com\/embed\/fOlLFyv28S4?feature=oembed\" frameborder=\"0\" allow=\"accelerometer; autoplay; clipboard-write; encrypted-media; gyroscope; picture-in-picture; web-share\" referrerpolicy=\"strict-origin-when-cross-origin\" allowfullscreen><\/iframe><\/p>\n\n\n\n<h2 class=\"wp-block-heading\">En compl\u00e9ment de la vid\u00e9o :<\/h2>\n\n\n\n<h4 class=\"wp-block-heading\"><strong>R\u00e9sum\u00e9 de la conf\u00e9rence :<\/strong><\/h4>\n\n\n\n<p>Metteur en sc\u00e8ne et auteur de nombreux textes pour sa fille, l\u2019humouriste Anne Roumanoff, Colette nous parle du \u00ab\u00a0Bonheur, plus fort que l\u2019oubli\u00a0\u00bb, \u00e0 partir de l\u2019exp\u00e9rience d\u2019accompagnement de son mari, Daniel, diagnostiqu\u00e9 Alzheimer en 2006.<\/p>\n\n\n\n<p>Pour Colette Roumanoff, la perte de m\u00e9moire li\u00e9e \u00e0 l&#8217;\u00e2ge ne doit pas \u00eatre per\u00e7ue uniquement comme la fin de quelque chose, mais plut\u00f4t comme une invitation \u00e0 d\u00e9velopper un nouveau regard sur la vie&nbsp;: <em>\u00ab&nbsp;Il est possible de vivre pleinement et avec joie, m\u00eame face \u00e0 l&#8217;oubli&nbsp;!&nbsp;\u00bb <\/em>Colette Roumanoff ne cherche pas \u00e0 id\u00e9aliser son quotidien ni celui de son mari, mais elle exprime son chemin vers l\u2019acceptation. Un chemin difficile, certes, mais qui laisse entrevoir le bonheur&nbsp;: celui de l\u2019amour pur et simple de l\u2019instant pr\u00e9sent.<\/p>\n\n\n\n<p>Cette conf\u00e9rence \u00e9tait co-organis\u00e9e avec l\u2019association France Alzheimer Mayenne au si\u00e8ge du Cr\u00e9dit Mutuel Maine-Anjou-Basse-Normandie, \u00e0 Laval.<\/p>\n\n\n\n<p><code><div class=\"divider\"><\/div><\/code><\/p>\n","protected":false},"excerpt":{"rendered":"<p>par Colette Roumanoff, auteur et metteur en sc\u00e8ne La conf\u00e9rence en vid\u00e9o : En compl\u00e9ment de la vid\u00e9o : R\u00e9sum\u00e9 de la conf\u00e9rence : Metteur en sc\u00e8ne et auteur de nombreux textes pour sa fille, l\u2019humouriste Anne Roumanoff, Colette nous parle du \u00ab\u00a0Bonheur, plus fort que l\u2019oubli\u00a0\u00bb, [&hellip;]<\/p>\n","protected":false},"author":1,"featured_media":958,"parent":0,"menu_order":0,"comment_status":"closed","ping_status":"closed","template":"","meta":{"footnotes":""},"class_list":["post-973","page","type-page","status-publish","has-post-thumbnail","hentry"],"_links":{"self":[{"href":"https:\/\/www.lesconferencesdubienvieillir.fr\/index.php?rest_route=\/wp\/v2\/pages\/973","targetHints":{"allow":["GET"]}}],"collection":[{"href":"https:\/\/www.lesconferencesdubienvieillir.fr\/index.php?rest_route=\/wp\/v2\/pages"}],"about":[{"href":"https:\/\/www.lesconferencesdubienvieillir.fr\/index.php?rest_route=\/wp\/v2\/types\/page"}],"author":[{"embeddable":true,"href":"https:\/\/www.lesconferencesdubienvieillir.fr\/index.php?rest_route=\/wp\/v2\/users\/1"}],"replies":[{"embeddable":true,"href":"https:\/\/www.lesconferencesdubienvieillir.fr\/index.php?rest_route=%2Fwp%2Fv2%2Fcomments&post=973"}],"version-history":[{"count":1,"href":"https:\/\/www.lesconferencesdubienvieillir.fr\/index.php?rest_route=\/wp\/v2\/pages\/973\/revisions"}],"predecessor-version":[{"id":975,"href":"https:\/\/www.lesconferencesdubienvieillir.fr\/index.php?rest_route=\/wp\/v2\/pages\/973\/revisions\/975"}],"wp:featuredmedia":[{"embeddable":true,"href":"https:\/\/www.lesconferencesdubienvieillir.fr\/index.php?rest_route=\/wp\/v2\/media\/958"}],"wp:attachment":[{"href":"https:\/\/www.lesconferencesdubienvieillir.fr\/index.php?rest_route=%2Fwp%2Fv2%2Fmedia&parent=973"}],"curies":[{"name":"wp","href":"https:\/\/api.w.org\/{rel}","templated":true}]}}