{"id":736,"date":"2018-12-11T17:06:09","date_gmt":"2018-12-11T16:06:09","guid":{"rendered":"http:\/\/www.lesconferencesdubienvieillir.fr\/?page_id=736"},"modified":"2018-12-31T16:02:54","modified_gmt":"2018-12-31T15:02:54","slug":"la-guerre-des-generations-aura-t-elle-lieu-22-11-2018","status":"publish","type":"page","link":"https:\/\/www.lesconferencesdubienvieillir.fr\/?page_id=736","title":{"rendered":"\u00ab La Guerre des g\u00e9n\u00e9rations aura-t-elle lieu ? \u00bb \u2013 22\/11\/2018"},"content":{"rendered":"<h4 style=\"text-align: left;\">par Serge GUERIN<br \/>\n<i>sociologue, \u00e9crivain et ma\u00eetre de conf\u00e9rence<br \/>\n<\/i><\/h4>\n<h2 style=\"text-align: center;\">La conf\u00e9rence en vid\u00e9o :<\/h2>\n<p><iframe loading=\"lazy\" title=\"La Guerre des g\u00e9n\u00e9rations aura-t-elle lieu ? par Serge Gu\u00e9rin - Conf\u00e9rence du 22 novembre 2018\" width=\"500\" height=\"281\" src=\"https:\/\/www.youtube.com\/embed\/u0XOOQpBCtE?feature=oembed\" frameborder=\"0\" allow=\"accelerometer; autoplay; clipboard-write; encrypted-media; gyroscope; picture-in-picture; web-share\" referrerpolicy=\"strict-origin-when-cross-origin\" allowfullscreen><\/iframe><\/p>\n<p>&nbsp;<\/p>\n<h2><span style=\"text-decoration: underline;\">En compl\u00e9ment de la vid\u00e9o<\/span> :<\/h2>\n<p>&nbsp;<\/p>\n<h4 class=\"slide_toggle\"><a href=\"#\">Cliquez pour d\u00e9rouler<\/a><\/h4><div class=\"slide_toggle_content\" style=\"display: none;\">\n<p>&nbsp;<\/p>\n<h4 style=\"text-align: center;\"><strong>R\u00e9sum\u00e9 de la conf\u00e9rence :<\/strong><br \/>\n<em>La Guerre des g\u00e9n\u00e9rations aura-t-elle lieu ?<\/em><\/h4>\n<div>\n<p>Enfants contre parents, jeunes pauvres contre vieux riches, actifs contre inactifs\u2026 voil\u00e0 la guerre que nous annonce le sociologue Louis CHAUVEL pour les temps \u00e0 venir.<\/p>\n<p>A l\u2019inverse, Serge GUERIN et Pierre-Henri TAVOILLOT dans leur dernier livre \u00ab\u00a0La Guerre des g\u00e9n\u00e9rations aura-t-elle lieux ?\u00a0\u00bb nous offre une vision plus optimiste du lien interg\u00e9n\u00e9rationnel et de son \u00e9volution dans nos soci\u00e9t\u00e9s modernes.<br \/>\nCet ouvrage se base sur de nombreuses enqu\u00eates et sur l\u2019\u00e9tude d\u2019initiatives concr\u00e8tes, avec des pistes d\u2019actions r\u00e9elles pour inventer enfin une vraie politique de tous les \u00e2ges et pour toutes les g\u00e9n\u00e9rations.<\/p>\n<p>A travers les Conf\u00e9rences du Bien-Vieillir, Serge GUERIN d\u00e9veloppera avec nous\u00a0ce th\u00e8me sous les angles\u00a0sociologique, d\u00e9mographique, \u00e9conomique et politique.<\/p>\n<\/div>\n<div><\/div>\n<div><\/div>\n<div><\/div>\n<p>&nbsp;<\/p>\n<div style=\"text-align: left;\"><code class=\"plain\"><div class=\"divider\"><\/div><\/code><\/div>\n<div style=\"text-align: center;\"><\/div>\n<p>&nbsp;<\/p>\n<h4 style=\"text-align: center;\"><strong>Serge GUERIN<\/strong><br \/>\n<em>Sociologue et \u00e9crivain<\/em><\/h4>\n<p>Sociologue fran\u00e7ais sp\u00e9cialiste des questions li\u00e9es au vieillissement et \u00e0 la seniorisation de la soci\u00e9t\u00e9, des enjeux et des th\u00e9ories, de l\u2019\u00e9thique de la solitude, de l\u2019inter-g\u00e9n\u00e9ration. Dipl\u00f4m\u00e9 en Gestion des entreprises culturelles \u00e0 l\u2019Universit\u00e9 Paris en 1988.<\/p>\n<p>Docteur en sciences de l\u2019information et de la communication de l\u2019universit\u00e9 Sorbone Nouvelle Paris 3\u00a0et titulaire d\u2019une Habilitation \u00e0 diriger des recherches (HDR), Serge Gu\u00e9rin est professeur au Groupe INSEEC, o\u00f9 il dirige le MSc\u00a0<a href=\"https:\/\/www.lesconferencesdubienvieillir.fr\/wp-content\/uploads\/2015\/10\/Guerin-S-copyrignt-G-Roubaud.jpg\" rel=\"wp-prettyPhoto&#091;218&#093;\"><img loading=\"lazy\" decoding=\"async\" class=\"wp-image-671 alignright\" src=\"https:\/\/www.lesconferencesdubienvieillir.fr\/wp-content\/uploads\/2015\/10\/Guerin-S-copyrignt-G-Roubaud-1024x1024.jpg\" sizes=\"auto, (max-width: 320px) 100vw, 320px\" srcset=\"https:\/\/www.lesconferencesdubienvieillir.fr\/wp-content\/uploads\/2015\/10\/Guerin-S-copyrignt-G-Roubaud-1024x1024.jpg 1024w, https:\/\/www.lesconferencesdubienvieillir.fr\/wp-content\/uploads\/2015\/10\/Guerin-S-copyrignt-G-Roubaud-150x150.jpg 150w, https:\/\/www.lesconferencesdubienvieillir.fr\/wp-content\/uploads\/2015\/10\/Guerin-S-copyrignt-G-Roubaud-300x300.jpg 300w, https:\/\/www.lesconferencesdubienvieillir.fr\/wp-content\/uploads\/2015\/10\/Guerin-S-copyrignt-G-Roubaud-768x768.jpg 768w, https:\/\/www.lesconferencesdubienvieillir.fr\/wp-content\/uploads\/2015\/10\/Guerin-S-copyrignt-G-Roubaud.jpg 1259w\" alt=\"\" width=\"320\" height=\"320\" \/><\/a>Directeur des \u00e9tablissements de sant\u00e9, apr\u00e8s avoir \u00e9t\u00e9 professeur \u00e0 l\u2019ESG Management School\u00a0et professeur associ\u00e9 \u00e0 l\u2019universit\u00e9 Lyon II.<\/p>\n<p>Il enseigne dans le master Politiques g\u00e9rontologiques de Sciences Po Paris. Il est chercheur associ\u00e9 au centre Edgar Morin (Ehess).<\/p>\n<p>R\u00e9dacteur en chef de la revue de recherche en proximologie,\u00a0<em>R\u00e9ciproques<\/em>, il est membre du comit\u00e9 scientifique de la revue\u00a0<em>Management &amp; Avenir<\/em>\u00a0et des comit\u00e9s de lecture d\u2019Ecologie et Politique\u00a0<em>et de la<\/em>\u00a0Revue civique<em>.<\/em><\/p>\n<p>Chroniqueur pour diff\u00e9rents m\u00e9dias, dont les mensuels\u00a0<em>Notre Temps<\/em>\u00a0et\u00a0<em>G\u00e9roscopie Magazine<\/em>, il a publi\u00e9 une vingtaine de livres et contribu\u00e9 \u00e0 de nombreuses revues et ouvrages collectifs, il est vice-pr\u00e9sident de l\u2019Uniorpa (Union nationale des instances de coordination offices et r\u00e9seaux de personnes \u00e2g\u00e9es).<\/p>\n<p>Il a dirig\u00e9 de 2010 \u00e0 2015 le Fonds pour l\u2019innovation sociale (F\u00e9d\u00e9ration des\u00a0Esh)\u00a0qui accompagne des projets d\u2019inclusion sociale port\u00e9s par des bailleurs sociaux et des associations.<\/p>\n<p>En 2014, il est\u00a0fait\u00a0Chevalier de la L\u00e9gion d\u2019Honneur par Michel DELAUNAY le Ministre des Personnes \u00e2g\u00e9es et l\u2019autonomie pour ses 26 ann\u00e9es d\u2019engagement au service de la compr\u00e9hension du vieillissement de la soci\u00e9t\u00e9 et de la conservation de l\u2019autonomie.<\/p>\n<p>Il a \u00e9t\u00e9 nomm\u00e9 en 2016, au titre de personnalit\u00e9 qualifi\u00e9e, au Conseil de la CNSA. Il si\u00e8ge au nouveau Haut Conseil de la famille, de l\u2019enfance et de l\u2019\u00e2ge\u00a0(HCFEA). Il est membre du conseil d\u2019administration de La Fondation Ramsay-G\u00e9n\u00e9rale de Sant\u00e9 pour la pr\u00e9vention et du G\u00e9rontopole des Pays-de-Loire.<\/p>\n<p>Il intervient comme conseil aupr\u00e8s de collectivit\u00e9s et d\u2019entreprises sur les probl\u00e9matiques li\u00e9es \u00e0 la question senior, \u00e0 la silver \u00e9conomie\u2026\u00a0Il est pr\u00e9sident du conseil scientifique de la Fondation Korian pour le bien vieillir depuis la cr\u00e9ation de celle-ci en octobre 2017.<\/p>\n<p style=\"text-align: justify;\"><span style=\"text-decoration: underline;\">Bibliographie<\/span> :<\/p>\n<ul>\n<li>\u00ab\u00a0La Silver \u00e9conomie\u00a0\u00bb, La Charte Publiching, 2018, avec D Boulb\u00e8s<\/li>\n<li><em>La guerre des g\u00e9n\u00e9rations aura-t-elle lieu?<\/em>, Calmann-L\u00e9vy, 2017, avec Pierre-Henri Tavoillot<\/li>\n<li><em>Analyse typologique de l\u2019habitat regroup\u00e9 des seniors<\/em>, Rapport \u00e0 la CNAV 2016<\/li>\n<li><em>Silver G\u00e9n\u00e9ration. 10 id\u00e9es re\u00e7ues \u00e0 combattre \u00e0 propos des seniors<\/em>, Michalon, 2015<\/li>\n<li><em>La solidarit\u00e9 \u00e7a existe\u2026 et en plus \u00e7a rapporte\u00a0!<\/em>, Michalon, 2013<\/li>\n<li><em>La Nouvelle Soci\u00e9t\u00e9 des seniors<\/em>, Michalon, 2011,\u00a02<sup>e<\/sup>\u00a0\u00e9dition<\/li>\n<li><em>Le Droit \u00e0 la vuln\u00e9rabilit\u00e9. Manager les fragilit\u00e9s en entreprise<\/em>, Michalon, 2011, avec T. Calvat<\/li>\n<li><em>De l\u2019\u00c9tat providence \u00e0 l\u2019\u00c9tat accompagnant<\/em>, Michalon, 2010<\/li>\n<li><em>Le Management des seniors<\/em>, Eyrolles, 2009,\u00a02<sup>e<\/sup>\u00a0\u00e9dition, avec G\u00e9rard Fournier (Prix du livre RH Sciences Po-Syntec)<\/li>\n<li><em>La Soci\u00e9t\u00e9 des seniors<\/em>, Michalon, 2009<\/li>\n<li><em>Le Management de transition<\/em>, Les \u00c9chos \u00c9tudes, 2008, avec G\u00e9rard Fournier<\/li>\n<li><em>Habitat social et vieillissement. Repr\u00e9sentation, formes et liens<\/em>\u00a0(dir.), La Documentation fran\u00e7aise, 2008<\/li>\n<li><em>Vive les vieux\u00a0!<\/em>, Michalon 2008<\/li>\n<li><em>L\u2019Invention des seniors<\/em>, Hachette Pluriel, 2007<\/li>\n<li><em>Le Grand Retour des seniors<\/em>, Eyrolles, 2002<\/li>\n<li><em>Le Boom des seniors<\/em>, Economica, 2000<\/li>\n<li><em>La Presse quotidienne<\/em>, Flammarion,\u00a0coll.\u00a0\u00ab Doninos\u00a0\u00bb, 1998, avec Philippe Robinet<\/li>\n<li><em>Internet en questions<\/em>, Economica, 1998<\/li>\n<li><em>La Cyberpresse<\/em>, Hermes, 1996<\/li>\n<li><em>La Presse \u00e9conomique et financi\u00e8re<\/em>, \u00c9ditions du Cfpj, 1992<\/li>\n<li><em>La Presse \u00e9crite<\/em>, \u00c9ditions du Cfpj, 1991<\/li>\n<\/ul>\n<p>&nbsp;<\/p>\n<p><code class=\"plain\"><div class=\"divider\"><\/div><\/code><\/p>\n<p>&nbsp;<\/p>\n<\/div>\n","protected":false},"excerpt":{"rendered":"<p>par Serge GUERIN sociologue, \u00e9crivain et ma\u00eetre de conf\u00e9rence La conf\u00e9rence en vid\u00e9o : &nbsp; En compl\u00e9ment de la vid\u00e9o : &nbsp;<\/p>\n","protected":false},"author":1,"featured_media":0,"parent":172,"menu_order":0,"comment_status":"closed","ping_status":"closed","template":"","meta":{"footnotes":""},"class_list":["post-736","page","type-page","status-publish","hentry"],"_links":{"self":[{"href":"https:\/\/www.lesconferencesdubienvieillir.fr\/index.php?rest_route=\/wp\/v2\/pages\/736","targetHints":{"allow":["GET"]}}],"collection":[{"href":"https:\/\/www.lesconferencesdubienvieillir.fr\/index.php?rest_route=\/wp\/v2\/pages"}],"about":[{"href":"https:\/\/www.lesconferencesdubienvieillir.fr\/index.php?rest_route=\/wp\/v2\/types\/page"}],"author":[{"embeddable":true,"href":"https:\/\/www.lesconferencesdubienvieillir.fr\/index.php?rest_route=\/wp\/v2\/users\/1"}],"replies":[{"embeddable":true,"href":"https:\/\/www.lesconferencesdubienvieillir.fr\/index.php?rest_route=%2Fwp%2Fv2%2Fcomments&post=736"}],"version-history":[{"count":6,"href":"https:\/\/www.lesconferencesdubienvieillir.fr\/index.php?rest_route=\/wp\/v2\/pages\/736\/revisions"}],"predecessor-version":[{"id":852,"href":"https:\/\/www.lesconferencesdubienvieillir.fr\/index.php?rest_route=\/wp\/v2\/pages\/736\/revisions\/852"}],"up":[{"embeddable":true,"href":"https:\/\/www.lesconferencesdubienvieillir.fr\/index.php?rest_route=\/wp\/v2\/pages\/172"}],"wp:attachment":[{"href":"https:\/\/www.lesconferencesdubienvieillir.fr\/index.php?rest_route=%2Fwp%2Fv2%2Fmedia&parent=736"}],"curies":[{"name":"wp","href":"https:\/\/api.w.org\/{rel}","templated":true}]}}