{"id":638,"date":"2017-12-22T16:27:06","date_gmt":"2017-12-22T15:27:06","guid":{"rendered":"http:\/\/www.lesconferencesdubienvieillir.fr\/?page_id=638"},"modified":"2017-12-22T21:29:25","modified_gmt":"2017-12-22T20:29:25","slug":"638-2","status":"publish","type":"page","link":"https:\/\/www.lesconferencesdubienvieillir.fr\/?page_id=638","title":{"rendered":"\u00ab Peut-on d\u00e9cider de vieillir heureux ? \u00bb \u2013 07\/12\/2017"},"content":{"rendered":"<h4 style=\"text-align: left;\">par Marie de HENNEZEL<br \/>\n<i>psychologue clinicienne et \u00e9crivain<br \/>\n<\/i><\/h4>\n<h2 style=\"text-align: center;\">La conf\u00e9rence en vid\u00e9o :<br \/>\n<iframe loading=\"lazy\" src=\"https:\/\/www.youtube.com\/embed\/ID4db1zru2g\" width=\"560\" height=\"315\" frameborder=\"0\" allowfullscreen=\"allowfullscreen\"><\/iframe><\/h2>\n<p>&nbsp;<\/p>\n<h2><span style=\"text-decoration: underline;\">En compl\u00e9ment de la vid\u00e9o<\/span> :<\/h2>\n<p>&nbsp;<\/p>\n<h4 class=\"slide_toggle\"><a href=\"#\">Cliquez pour d\u00e9rouler<\/a><\/h4><div class=\"slide_toggle_content\" style=\"display: none;\">\n<p>&nbsp;<\/p>\n<h4 style=\"text-align: center;\"><strong>R\u00e9sum\u00e9 de la conf\u00e9rence :<\/strong><br \/>\n<em>Peut-on d\u00e9cider de vieillir heureux ?<\/em><\/h4>\n<div>Question provocante dans un monde o\u00f9 le vieillissement est per\u00e7u uniquement comme une perte et une diminution.<\/div>\n<div>Ainsi que le disait Victor Hugo, s\u2019il est vrai que \u00ab\u00a0le corps d\u00e9cline, la pens\u00e9e cro\u00eet\u00a0\u00bb, et l\u2019on peut rester jeune de coeur et d\u2019esprit.<\/div>\n<div>Une croissance de la pens\u00e9e, une ouverture de coeur et d\u2019esprit permettent de continuer \u00e0 avoir des \u00e9motions, du plaisir, de la joie.<\/div>\n<div>Bien vivre ce paradoxe suppose quelques cl\u00e9s dont Marie de Hennezel parlera \u00e0 partir du t\u00e9moignage de personnes de 80 \u00e0 100 ans qu\u2019elle c\u00f4toie r\u00e9guli\u00e8rement dans des ateliers sur \u00ab\u00a0l\u2019aventure de vieillir\u00a0\u00bb.<\/div>\n<div><\/div>\n<div><\/div>\n<div><\/div>\n<p>&nbsp;<\/p>\n<div style=\"text-align: left;\"><code class=\"plain\"><div class=\"divider\"><\/div><\/code><\/div>\n<div style=\"text-align: center;\"><\/div>\n<p>&nbsp;<\/p>\n<h4 style=\"text-align: center;\"><strong>Marie DE HENNEZEL<\/strong><br \/>\n<em>Psychologue, psychoth\u00e9rapeute et auteur<\/em><\/h4>\n<p style=\"text-align: justify;\">Apr\u00e8s avoir fait des \u00e9tudes de langues et enseign\u00e9 l&#8217;anglais aux \u00e9l\u00e8ves du secondaire,\u00a0Marie de Hennezel est retourn\u00e9e \u00e0 l&#8217;universit\u00e9 pour y achever un DESS de psychologie clinique et un DEA de psychanalyse. Sa carri\u00e8re de psychologue commence en 1975.<\/p>\n<p style=\"text-align: justify;\"><strong><a href=\"https:\/\/www.lesconferencesdubienvieillir.fr\/wp-content\/uploads\/2015\/10\/AVT_Marie-de-Hennezel_5774.jpg\" rel=\"wp-prettyPhoto&#091;638&#093;\"><img loading=\"lazy\" decoding=\"async\" class=\"wp-image-600 size-full alignright\" src=\"https:\/\/www.lesconferencesdubienvieillir.fr\/wp-content\/uploads\/2015\/10\/AVT_Marie-de-Hennezel_5774.jpg\" alt=\"\" width=\"345\" height=\"345\" srcset=\"https:\/\/www.lesconferencesdubienvieillir.fr\/wp-content\/uploads\/2015\/10\/AVT_Marie-de-Hennezel_5774.jpg 345w, https:\/\/www.lesconferencesdubienvieillir.fr\/wp-content\/uploads\/2015\/10\/AVT_Marie-de-Hennezel_5774-150x150.jpg 150w, https:\/\/www.lesconferencesdubienvieillir.fr\/wp-content\/uploads\/2015\/10\/AVT_Marie-de-Hennezel_5774-300x300.jpg 300w\" sizes=\"auto, (max-width: 345px) 100vw, 345px\" \/><\/a><\/strong>En 1986, Fran\u00e7ois Mitterrand, alors pr\u00e9sident de la R\u00e9publique, lui propose d&#8217;int\u00e9grer la premi\u00e8re unit\u00e9 de soins palliatifs d&#8217;Europe continentale. Elle y travaillera durant dix ans sous la direction du docteur Abiven \u00e0 l&#8217;h\u00f4pital International de l&#8217;Universit\u00e9 de Paris (aujourd&#8217;hui Institut Montsouris).<\/p>\n<p style=\"text-align: justify;\">En 1992, elle fonde avec Jean-Louis Terrangle l&#8217;Association Bernard Dunant &#8211; Sida et Ressourcement. Elle consacre \u00e9galement une partie de son temps \u00e0 l&#8217;unit\u00e9 de Soins Sida \u00e0 l&#8217;h\u00f4pital Notre Dame du Bon Secours.<\/p>\n<p style=\"text-align: justify;\">Charg\u00e9e de mission sur la fin de vie aupr\u00e8s du minist\u00e8re de la Sant\u00e9 de 2002 \u00e0 2007, elle est \u00e9galement l&#8217;auteure de deux rapports minist\u00e9riels sur le sujet.<\/p>\n<p style=\"text-align: justify;\">Son ouvrage &#8220;La Mort intime&#8221; (pr\u00e9fac\u00e9 par Fran\u00e7ois Mitterrand) a \u00e9t\u00e9 vendu \u00e0 plus de 700 000 exemplaires et traduit dans plus de 20 langues. Elle tente \u00e0 travers son m\u00e9tier d&#8217;auteur de transmettre son exp\u00e9rience aupr\u00e8s des personnes en fin de vie et de contribuer au changement des attitudes face \u00e0 la mort.<\/p>\n<p style=\"text-align: justify;\">Depuis 1996, Marie de Hennezel transmet son exp\u00e9rience de terrain aupr\u00e8s de personnes en fin de vie par le biais de conf\u00e9rences et formations destin\u00e9es aux professionnels de sant\u00e9.<\/p>\n<p style=\"text-align: justify;\"><span style=\"text-decoration: underline;\">Bibliographie<\/span> :<\/p>\n<ul>\n<li><em>La Mort intime, \u00e9ditions Robert Laffont, 1995 (pr\u00e9fac\u00e9 par Fran\u00e7ois Mitterrand)<\/em><\/li>\n<li><em>L&#8217;Art de mourir, 1997, en collaboration avec Jean-Yves Leloup<\/em><\/li>\n<li><em>La Qu\u00eate du sens, \u00e9ditions Albin Michel, 2000<\/em><\/li>\n<li><em>Le Grand Livre de la tendresse, \u00e9ditions Albin Michel, 2002<\/em><\/li>\n<li><em>Le Souci de l&#8217;autre, \u00e9ditions Robert Laffont, 2004<\/em><\/li>\n<li><em>Mourrir les yeux ouverts, \u00e9ditions Albin Michel, 2005<\/em><\/li>\n<li><em>Nous ne nous sommes pas dit au revoir, \u00e9ditions Robert Laffont, 2006<\/em><\/li>\n<li><em>La chaleur du c\u0153ur emp\u00eache nos corps de rouiller, \u00e9ditions Robert Laffont, 2008<\/em><\/li>\n<li><em>La Sagesse d&#8217;une psychologue, L\u2019\u0153il neuf \u00e9ditions, 2009<\/em><\/li>\n<li><em>Une vie pour se mettre au monde, Carnets Nord, 2010, en collaboration avec Bertrand Vergely<\/em><\/li>\n<li><em>Qu&#8217;allons-nous faire de vous, Carnets Nord, 2011, en collaboration avec Edouard de Hennezel<\/em><\/li>\n<li><em>Nous voulons tous mourir dans la dignit\u00e9, \u00e9ditions Robert Laffont, 2013<\/em><\/li>\n<li><em>J&#8217;ai choisi de me battre, j&#8217;ai choisi de gu\u00e9rir, \u00e9ditions Robert Laffont, 2014, en collaboration avec Claude Pinault<\/em><\/li>\n<li><em>Sex and sixty, un avenir pour l&#8217;intimit\u00e9 amoureuse, \u00e9ditions Robert Laffont, 2015<\/em><\/li>\n<li><em>Croire aux forces de l&#8217;esprit, \u00e9ditions Fayard, 2016<\/em><\/li>\n<\/ul>\n<p>&nbsp;<\/p>\n<p><code class=\"plain\"><div class=\"divider\"><\/div><\/code><\/p>\n<p>&nbsp;<\/p>\n<\/div>\n","protected":false},"excerpt":{"rendered":"<p>par Marie de HENNEZEL psychologue clinicienne et \u00e9crivain La conf\u00e9rence en vid\u00e9o : &nbsp; En compl\u00e9ment de la vid\u00e9o : &nbsp;<\/p>\n","protected":false},"author":1,"featured_media":0,"parent":172,"menu_order":5,"comment_status":"closed","ping_status":"closed","template":"page-FullWidth.php","meta":{"footnotes":""},"class_list":["post-638","page","type-page","status-publish","hentry"],"_links":{"self":[{"href":"https:\/\/www.lesconferencesdubienvieillir.fr\/index.php?rest_route=\/wp\/v2\/pages\/638","targetHints":{"allow":["GET"]}}],"collection":[{"href":"https:\/\/www.lesconferencesdubienvieillir.fr\/index.php?rest_route=\/wp\/v2\/pages"}],"about":[{"href":"https:\/\/www.lesconferencesdubienvieillir.fr\/index.php?rest_route=\/wp\/v2\/types\/page"}],"author":[{"embeddable":true,"href":"https:\/\/www.lesconferencesdubienvieillir.fr\/index.php?rest_route=\/wp\/v2\/users\/1"}],"replies":[{"embeddable":true,"href":"https:\/\/www.lesconferencesdubienvieillir.fr\/index.php?rest_route=%2Fwp%2Fv2%2Fcomments&post=638"}],"version-history":[{"count":12,"href":"https:\/\/www.lesconferencesdubienvieillir.fr\/index.php?rest_route=\/wp\/v2\/pages\/638\/revisions"}],"predecessor-version":[{"id":660,"href":"https:\/\/www.lesconferencesdubienvieillir.fr\/index.php?rest_route=\/wp\/v2\/pages\/638\/revisions\/660"}],"up":[{"embeddable":true,"href":"https:\/\/www.lesconferencesdubienvieillir.fr\/index.php?rest_route=\/wp\/v2\/pages\/172"}],"wp:attachment":[{"href":"https:\/\/www.lesconferencesdubienvieillir.fr\/index.php?rest_route=%2Fwp%2Fv2%2Fmedia&parent=638"}],"curies":[{"name":"wp","href":"https:\/\/api.w.org\/{rel}","templated":true}]}}