{"id":426,"date":"2016-05-04T16:17:30","date_gmt":"2016-05-04T15:17:30","guid":{"rendered":"http:\/\/www.lesconferencesdubienvieillir.fr\/?page_id=426"},"modified":"2016-11-28T10:36:18","modified_gmt":"2016-11-28T09:36:18","slug":"intergenerationnel-la-force-de-tous-les-ages-28042016","status":"publish","type":"page","link":"https:\/\/www.lesconferencesdubienvieillir.fr\/?page_id=426","title":{"rendered":"&#8220;Interg\u00e9n\u00e9rationnel : la force de tous les \u00e2ges&#8221; &#8211; 28\/04\/2016"},"content":{"rendered":"<h4 style=\"text-align: left;\">par <strong>Philippe PIERRE<\/strong><br \/>\n<em>sp\u00e9cialiste en management interculturel et professeur \u00e0 Sciences Po et Paris-Dauphine<\/em><\/h4>\n<h2 style=\"text-align: center;\">La conf\u00e9rence en vid\u00e9o :<br \/>\n<iframe loading=\"lazy\" src=\"https:\/\/www.youtube.com\/embed\/2GewPbfXGwU\" width=\"400\" height=\"225\" frameborder=\"0\" allowfullscreen=\"allowfullscreen\"><\/iframe><\/h2>\n<h2><span style=\"text-decoration: underline;\">En compl\u00e9ment de la vid\u00e9o<\/span> :<\/h2>\n<div class=\"clear\"><\/div><div class=\"accordion-wrapper\"><h3 class=\"accordion-toggle\"><a href=\"#\">Le diaporama de la conf\u00e9rence<\/a><\/h3><div class=\"accordion-container\">  <div class=\"content-block\"><a href=\"https:\/\/www.lesconferencesdubienvieillir.fr\/wp-content\/uploads\/2016\/05\/Diaporama_Interg\u00e9n\u00e9rationnel_Philippe_Pierre.pdf\"><img loading=\"lazy\" decoding=\"async\" class=\"aligncenter wp-image-427 size-medium\" src=\"https:\/\/www.lesconferencesdubienvieillir.fr\/wp-content\/uploads\/2016\/05\/Diaporama_Interg\u00e9n\u00e9rationnel_Philippe_Pierre-300x225.jpg\" alt=\"Diaporama_Interg\u00e9n\u00e9rationnel_Philippe_Pierre\" width=\"300\" height=\"225\" srcset=\"https:\/\/www.lesconferencesdubienvieillir.fr\/wp-content\/uploads\/2016\/05\/Diaporama_Interg\u00e9n\u00e9rationnel_Philippe_Pierre-300x225.jpg 300w, https:\/\/www.lesconferencesdubienvieillir.fr\/wp-content\/uploads\/2016\/05\/Diaporama_Interg\u00e9n\u00e9rationnel_Philippe_Pierre-1024x767.jpg 1024w, https:\/\/www.lesconferencesdubienvieillir.fr\/wp-content\/uploads\/2016\/05\/Diaporama_Interg\u00e9n\u00e9rationnel_Philippe_Pierre.jpg 1223w\" sizes=\"auto, (max-width: 300px) 100vw, 300px\" \/><\/a><br \/><\/div><\/div><!-- end accordion-container --><\/div><!-- end accordion-wrapper --><div class=\"clear\"><\/div>\n<h6><i>Merci de ne pas utiliser ces documents sans les cr\u00e9diter.<\/i><\/h6>\n<h4 class=\"slide_toggle\"><a href=\"#\">Description de la conf\u00e9rence (cliquez pour d\u00e9rouler)<\/a><\/h4><div class=\"slide_toggle_content\" style=\"display: none;\">\n<h4 style=\"text-align: center;\"><strong>Philippe PIERRE<\/strong>,<br \/>\n<em>sp\u00e9cialiste en management interculturel et professeur \u00e0 Sciences Po et Paris-Dauphine<\/em><\/h4>\n<p style=\"text-align: justify;\"><strong><a href=\"https:\/\/www.lesconferencesdubienvieillir.fr\/wp-content\/uploads\/2015\/10\/Photo-Philippe-Pierre.jpg\" rel=\"wp-prettyPhoto&#091;426&#093;\"><img loading=\"lazy\" decoding=\"async\" class=\" wp-image-305 size-thumbnail alignright\" src=\"https:\/\/www.lesconferencesdubienvieillir.fr\/wp-content\/uploads\/2015\/10\/Photo-Philippe-Pierre-150x150.jpg\" alt=\"\" width=\"150\" height=\"150\" \/><\/a><\/strong>Philippe PIERRE est consultant. Il accompagne internationalement le d\u00e9veloppement des entreprises, des dirigeants et des cadres en aidant \u00e0 l\u2019int\u00e9gration et \u00e0 la r\u00e9ussite de profils diff\u00e9rents.<\/p>\n<p style=\"text-align: justify;\">Il co-dirige, avec Jean-Fran\u00e7ois CHANLAT, le Master de Management Interculturel de l\u2019Universit\u00e9 Paris Dauphine.<\/p>\n<p style=\"text-align: justify;\">Docteur en sociologie de Sciences-Po, Il exerce, depuis plus de vingt ann\u00e9es, dans le domaine de la gestion des ressources humaines et, apr\u00e8s avoir \u00e9t\u00e9 notamment Directeur des Ressources Humaines de PCI\/Division Luxe de L&#8217;Or\u00e9al (Armani, Helena Rubinstein, Biotherm, Cacharel\u2026), puis Directeur de la formation de la Division Coiffure de L\u2019Or\u00e9al, a choisi de devenir consultant ind\u00e9pendant.<\/p>\n<p style=\"text-align: justify;\">Philippe Pierre a \u00e9galement \u00e9t\u00e9 chercheur associ\u00e9 au LISE\/CNRS pendant plus de dix ann\u00e9es. Il conduit des recherches sur l\u2019identit\u00e9 des cadres mobiles, le management interculturel, les organisations apprenantes et la sociologie de la mondialisation. Expert au sein des associations APM et Germe.<\/p>\n<p style=\"text-align: justify;\">Parmi ses nombreuses publications, on citera\u00a0:<\/p>\n<p style=\"text-align: justify;\">(avec Jean-Luc Metzger et Dominique Martin) <em>Les m\u00e9tamorphoses du monde. Sociologie de la mondialisation<\/em>, Le Seuil, 2003.<\/p>\n<p style=\"text-align: justify;\">(avec Evalde Mutabazi) <em>Pour un management interculturel. De la diversit\u00e9 \u00e0 la reconnaissance en entreprise<\/em>, L\u2019Harmattan, 2008.<\/p>\n<p style=\"text-align: justify;\">\u00a0<b><a href=\"https:\/\/www.philippepierre.com\">www.philippepierre.com<\/a><\/b><\/p>\n<p><code class=\"plain\"><div class=\"divider\"><\/div><\/code><\/p>\n<h2 style=\"text-align: center;\">3\u00e8me conf\u00e9rence le 28 avril 2016 :<br \/>\n\u00ab INTERG\u00c9N\u00c9RATIONNEL : La force de tous les \u00e2ges\u00a0 \u00bb<br \/>\n<em>par Philippe PIERRE<br \/>\n<\/em><\/h2>\n<p style=\"text-align: justify;\"><span class=\"dropcap\">L<\/span>a conf\u00e9rence visera \u00e0 d\u00e9crire certaines\u00a0caract\u00e9ristiques des diff\u00e9rentes g\u00e9n\u00e9rations et nous donnera les cl\u00e9s d\u2019une meilleure compr\u00e9hension mutuelle dans les relations interg\u00e9n\u00e9rationnelles.<blockquote class=\"alignright\">Quatre g\u00e9n\u00e9rations se<br \/>\nc\u00f4toient : Baby Boomers, Happy Boomers, X &amp; Y<\/blockquote>\n<p style=\"text-align: justify;\">Pour cr\u00e9er des ponts entre personnes de diff\u00e9rents \u00e2ges, on doit d\u2019abord comprendre ce que ce sont ces fameuses \u00ab\u00a0g\u00e9n\u00e9rations\u00a0\u00bb. Qui sont ces fameux \u00ab\u00a0s\u00e9niors\u00a0\u00bb ? Comment \u00e9viter les id\u00e9es-re\u00e7ues \u00e0 leur endroit ?\u00a0Qui sont les jeunes en famille, au travail et dans la soci\u00e9t\u00e9 ? Comment favoriser la transmission d&#8217;exp\u00e9rience entre jeunes et moins jeunes ?<\/p>\n<p style=\"text-align: justify;\">Philippe Pierre pr\u00e9sentera certaines des caract\u00e9ristiques de quatre suppos\u00e9es g\u00e9n\u00e9rations\u00a0qui se font face : g\u00e9n\u00e9ration des Baby Boomers, g\u00e9n\u00e9ration Naturel (les quinquas) ou Happy Boomers, g\u00e9n\u00e9ration R\u00e9seaux (les trentenaires\/les quadras) ou X et g\u00e9n\u00e9ration Mosa\u00efque (les vingtenaires) ou Y.<\/p>\n<p style=\"text-align: right;\"><em>par Philippe PIERRE<\/em><\/p>\n<\/div>\n","protected":false},"excerpt":{"rendered":"<p>par Philippe PIERRE sp\u00e9cialiste en management interculturel et professeur \u00e0 Sciences Po et Paris-Dauphine La conf\u00e9rence en vid\u00e9o : En compl\u00e9ment de la vid\u00e9o : Merci de ne pas utiliser ces documents sans les cr\u00e9diter.<\/p>\n","protected":false},"author":1,"featured_media":0,"parent":172,"menu_order":2,"comment_status":"closed","ping_status":"open","template":"page-FullWidth.php","meta":{"footnotes":""},"class_list":["post-426","page","type-page","status-publish","hentry"],"_links":{"self":[{"href":"https:\/\/www.lesconferencesdubienvieillir.fr\/index.php?rest_route=\/wp\/v2\/pages\/426","targetHints":{"allow":["GET"]}}],"collection":[{"href":"https:\/\/www.lesconferencesdubienvieillir.fr\/index.php?rest_route=\/wp\/v2\/pages"}],"about":[{"href":"https:\/\/www.lesconferencesdubienvieillir.fr\/index.php?rest_route=\/wp\/v2\/types\/page"}],"author":[{"embeddable":true,"href":"https:\/\/www.lesconferencesdubienvieillir.fr\/index.php?rest_route=\/wp\/v2\/users\/1"}],"replies":[{"embeddable":true,"href":"https:\/\/www.lesconferencesdubienvieillir.fr\/index.php?rest_route=%2Fwp%2Fv2%2Fcomments&post=426"}],"version-history":[{"count":8,"href":"https:\/\/www.lesconferencesdubienvieillir.fr\/index.php?rest_route=\/wp\/v2\/pages\/426\/revisions"}],"predecessor-version":[{"id":430,"href":"https:\/\/www.lesconferencesdubienvieillir.fr\/index.php?rest_route=\/wp\/v2\/pages\/426\/revisions\/430"}],"up":[{"embeddable":true,"href":"https:\/\/www.lesconferencesdubienvieillir.fr\/index.php?rest_route=\/wp\/v2\/pages\/172"}],"wp:attachment":[{"href":"https:\/\/www.lesconferencesdubienvieillir.fr\/index.php?rest_route=%2Fwp%2Fv2%2Fmedia&parent=426"}],"curies":[{"name":"wp","href":"https:\/\/api.w.org\/{rel}","templated":true}]}}