{"id":172,"date":"2015-08-31T16:16:44","date_gmt":"2015-08-31T15:16:44","guid":{"rendered":"http:\/\/www.lesconferencesdubienvieillir.fr\/?page_id=172"},"modified":"2024-11-21T12:13:30","modified_gmt":"2024-11-21T11:13:30","slug":"conferences-en-replay","status":"publish","type":"page","link":"https:\/\/www.lesconferencesdubienvieillir.fr\/?page_id=172","title":{"rendered":"Replay conf\u00e9rences"},"content":{"rendered":"<h5>Dans les pages ci-contre, vous trouverez les \u00e9l\u00e9ments des pr\u00e9c\u00e9dentes \u00e9ditions des conf\u00e9rences ainsi que les \u00e9ventuels enregistrements des interventions.<\/h5>\n<div class=\"one_third\">\n<p><img loading=\"lazy\" decoding=\"async\" class=\"alignnone wp-image-958 size-medium\" src=\"https:\/\/www.lesconferencesdubienvieillir.fr\/wp-content\/uploads\/2024\/10\/ban_site-03-300x137.png\" alt=\"\" width=\"300\" height=\"137\" srcset=\"https:\/\/www.lesconferencesdubienvieillir.fr\/wp-content\/uploads\/2024\/10\/ban_site-03-300x137.png 300w, https:\/\/www.lesconferencesdubienvieillir.fr\/wp-content\/uploads\/2024\/10\/ban_site-03-1024x468.png 1024w, https:\/\/www.lesconferencesdubienvieillir.fr\/wp-content\/uploads\/2024\/10\/ban_site-03-768x351.png 768w, https:\/\/www.lesconferencesdubienvieillir.fr\/wp-content\/uploads\/2024\/10\/ban_site-03-1536x703.png 1536w, https:\/\/www.lesconferencesdubienvieillir.fr\/wp-content\/uploads\/2024\/10\/ban_site-03-2048x937.png 2048w\" sizes=\"auto, (max-width: 300px) 100vw, 300px\" \/><\/p>\n<h4><strong>Le bonheur plus fort que l&#8217;oubli<\/strong><\/h4>\n\n<ul class=\"list-6\">\n<li>19\/11\/2024<\/li>\n<\/ul>\n\n\n<ul class=\"list-7\">\n<li>Colette Roumanoff, auteur, metteur en sc\u00e8ne<\/li>\n<\/ul>\n\n\n<ul class=\"list-10\">\n<li><strong><span style=\"color: #00abbe;\"><a style=\"color: #00abbe;\" href=\"https:\/\/www.lesconferencesdubienvieillir.fr\/?page_id=973\" target=\"_blank\" rel=\"noopener noreferrer\">Voir la conf\u00e9rence<\/a><\/span><\/strong><\/li>\n<\/ul>\n\n<\/div>\n<div class=\"one_third\">\n<p><a href=\"https:\/\/www.youtube.com\/watch?v=9RH4Iop9tdY&amp;feature=youtu.be\"><img loading=\"lazy\" decoding=\"async\" class=\"wp-image-908  alignnone\" src=\"https:\/\/www.lesconferencesdubienvieillir.fr\/wp-content\/uploads\/2021\/12\/Capture.jpg\" alt=\"\" width=\"286\" height=\"159\" srcset=\"https:\/\/www.lesconferencesdubienvieillir.fr\/wp-content\/uploads\/2021\/12\/Capture.jpg 353w, https:\/\/www.lesconferencesdubienvieillir.fr\/wp-content\/uploads\/2021\/12\/Capture-300x167.jpg 300w\" sizes=\"auto, (max-width: 286px) 100vw, 286px\" \/><\/a><\/p>\n<h4><strong>Fragilit\u00e9 et \u00e9merveillement<\/strong><\/h4>\n\n<ul class=\"list-6\">\n<li>25\/11\/2021<\/li>\n<\/ul>\n\n\n<ul class=\"list-7\">\n<li>Bertrand Vergely, philosophe, et Murielle Mouloudj, directrice d&#8217;EHPAD<\/li>\n<\/ul>\n\n\n<ul class=\"list-10\">\n<li><strong><span style=\"color: #00abbe;\"><a style=\"color: #00abbe;\" href=\"https:\/\/www.lesconferencesdubienvieillir.fr\/?page_id=902\" target=\"_blank\" rel=\"noopener noreferrer\">Voir la conf\u00e9rence<\/a><\/span><\/strong><\/li>\n<\/ul>\n\n<\/div>\n<div class=\"one_third\">\n<p><a href=\"https:\/\/www.youtube.com\/watch?v=9RH4Iop9tdY&amp;feature=youtu.be\"><img loading=\"lazy\" decoding=\"async\" class=\"size-full wp-image-844 alignnone\" src=\"https:\/\/www.lesconferencesdubienvieillir.fr\/wp-content\/uploads\/2020\/03\/Capture.jpg\" alt=\"\" width=\"282\" height=\"159\" \/><\/a><\/p>\n<h4><strong>Voir autrement<\/strong><\/h4>\n\n<ul class=\"list-6\">\n<li>7\/03\/2020<\/li>\n<\/ul>\n\n\n<ul class=\"list-7\">\n<li>H\u00e9l\u00e8ne Jousse, Vincent Michel, Odile Guiouillier et Fabienne Elain<\/li>\n<\/ul>\n\n\n<ul class=\"list-10\">\n<li><strong><span style=\"color: #00abbe;\"><a style=\"color: #00abbe;\" href=\"https:\/\/www.lesconferencesdubienvieillir.fr\/?page_id=847\" target=\"_blank\" rel=\"noopener noreferrer\">Voir la conf\u00e9rence<\/a><\/span><\/strong><\/li>\n<\/ul>\n\n<\/div>\n<div class=\"one_third\">\n<p><a href=\"https:\/\/www.lesconferencesdubienvieillir.fr\/?page_id=158\" target=\"_blank\" rel=\"noopener noreferrer\"><img loading=\"lazy\" decoding=\"async\" class=\"alignnone wp-image-792 size-full\" src=\"https:\/\/www.lesconferencesdubienvieillir.fr\/wp-content\/uploads\/2019\/05\/conference-replay-radio-fidelite.jpg\" alt=\"\" width=\"282\" height=\"159\" \/><\/a><\/p>\n<h4><strong>Vieillir c\u2019est grandir<\/strong><\/h4>\n\n<ul class=\"list-6\">\n<li>28\/05\/2015<\/li>\n<\/ul>\n\n\n<ul class=\"list-7\">\n<li>Catherine BERGERET-AMSELEK, Marraine des Conf\u00e9rences du Bien Vieillir en Mayenne<\/li>\n<\/ul>\n\n\n<ul class=\"list-10\">\n<li><strong><span style=\"color: #00abbe;\"><a style=\"color: #00abbe;\" href=\"https:\/\/www.lesconferencesdubienvieillir.fr\/?page_id=158\" target=\"_blank\" rel=\"noopener noreferrer\">Voir la conf\u00e9rence<\/a><\/span><\/strong><\/li>\n<\/ul>\n\n<\/div>\n<div class=\"one_third\">\n<p><a href=\"https:\/\/www.lesconferencesdubienvieillir.fr\/?page_id=143\" target=\"_blank\" rel=\"noopener noreferrer\"><img loading=\"lazy\" decoding=\"async\" class=\"alignnone wp-image-793 size-full\" src=\"https:\/\/www.lesconferencesdubienvieillir.fr\/wp-content\/uploads\/2019\/05\/conference-bien-manger-pour-bien-vieillir.jpg\" alt=\"\" width=\"282\" height=\"159\" \/><\/a><\/p>\n<h4><strong>Bien Manger pour Bien Vieillir<br \/>\n<\/strong><\/h4>\n\n<ul class=\"list-6\">\n<li>14\/10\/2015<\/li>\n<\/ul>\n\n\n<ul class=\"list-7\">\n<li>Claude PAUMARD, M\u00e9decin g\u00e9n\u00e9raliste en Mayenne<\/li>\n<\/ul>\n\n\n<ul class=\"list-10\">\n<li><strong><span style=\"color: #00abbe;\"><a style=\"color: #00abbe;\" href=\"https:\/\/www.lesconferencesdubienvieillir.fr\/?page_id=143\" target=\"_blank\" rel=\"noopener noreferrer\">Voir la conf\u00e9rence<\/a><\/span><\/strong><\/li>\n<\/ul>\n\n<\/div>\n<div class=\"one_third last_column\">\n<p><a href=\"https:\/\/www.lesconferencesdubienvieillir.fr\/?page_id=426\" target=\"_blank\" rel=\"noopener noreferrer\"><img loading=\"lazy\" decoding=\"async\" class=\"alignnone wp-image-794 size-full\" src=\"https:\/\/www.lesconferencesdubienvieillir.fr\/wp-content\/uploads\/2019\/05\/conference-intergenerationnel.jpg\" alt=\"\" width=\"282\" height=\"159\" \/><\/a><\/p>\n<h4><strong>Interg\u00e9n\u00e9rationnel : la force de tous les \u00e2ges<\/strong><\/h4>\n\n<ul class=\"list-6\">\n<li>28\/04\/2016<\/li>\n<\/ul>\n\n\n<ul class=\"list-7\">\n<li>Philippe PIERRE, sp\u00e9cialiste en management interculturel et professeur \u00e0 Sciences Po et Paris-Dauphine<\/li>\n<\/ul>\n\n\n<ul class=\"list-10\">\n<li><strong><span style=\"color: #00abbe;\"><a style=\"color: #00abbe;\" href=\"https:\/\/www.lesconferencesdubienvieillir.fr\/?page_id=426\" target=\"_blank\" rel=\"noopener noreferrer\">Voir la conf\u00e9rence<\/a><\/span><\/strong><\/li>\n<\/ul>\n\n<\/div>\n<div class=\"one_third\">\n<p><a href=\"https:\/\/www.lesconferencesdubienvieillir.fr\/?page_id=485\" target=\"_blank\" rel=\"noopener noreferrer\"><img loading=\"lazy\" decoding=\"async\" class=\"alignnone wp-image-795 size-full\" src=\"https:\/\/www.lesconferencesdubienvieillir.fr\/wp-content\/uploads\/2019\/05\/conference-sommeil.jpg\" alt=\"\" width=\"282\" height=\"159\" \/><\/a><\/p>\n<h4><strong>Sommeil et avanc\u00e9e en \u00e2ge : recettes et astuces<\/strong><\/h4>\n\n<ul class=\"list-6\">\n<li>20\/10\/2016<\/li>\n<\/ul>\n\n\n<ul class=\"list-7\">\n<li>Claude PAUMARD, m\u00e9decin g\u00e9n\u00e9raliste en Mayenne, sp\u00e9cialiste en pr\u00e9vention du vieillissement<\/li>\n<\/ul>\n\n\n<ul class=\"list-10\">\n<li><strong><span style=\"color: #00abbe;\"><a style=\"color: #00abbe;\" href=\"https:\/\/www.lesconferencesdubienvieillir.fr\/?page_id=485\" target=\"_blank\" rel=\"noopener noreferrer\">Voir la conf\u00e9rence<\/a><\/span><\/strong><\/li>\n<\/ul>\n\n<\/div>\n<div class=\"one_third\">\n<p><a href=\"https:\/\/www.lesconferencesdubienvieillir.fr\/?page_id=578\" target=\"_blank\" rel=\"noopener noreferrer\"><img loading=\"lazy\" decoding=\"async\" class=\"alignnone wp-image-796 size-full\" src=\"https:\/\/www.lesconferencesdubienvieillir.fr\/wp-content\/uploads\/2019\/05\/conference-activite-physique.jpg\" alt=\"\" width=\"282\" height=\"159\" \/><\/a><\/p>\n<h4><strong>L\u2019activit\u00e9 physique pour bien vieillir : conseils et bienfaits<\/strong><\/h4>\n\n<ul class=\"list-6\">\n<li>27\/04\/2017<\/li>\n<\/ul>\n\n\n<ul class=\"list-7\">\n<li>Claude PAUMARD, m\u00e9decin g\u00e9n\u00e9raliste en Mayenne, sp\u00e9cialiste en pr\u00e9vention du vieillissement<\/li>\n<\/ul>\n\n\n<ul class=\"list-10\">\n<li><strong><span style=\"color: #00abbe;\"><a style=\"color: #00abbe;\" href=\"https:\/\/www.lesconferencesdubienvieillir.fr\/?page_id=578\" target=\"_blank\" rel=\"noopener noreferrer\">Voir la conf\u00e9rence<\/a><\/span><\/strong><\/li>\n<\/ul>\n\n<\/div>\n<div class=\"one_third last_column\">\n<p><a href=\"https:\/\/www.lesconferencesdubienvieillir.fr\/?page_id=638\" target=\"_blank\" rel=\"noopener noreferrer\"><img loading=\"lazy\" decoding=\"async\" class=\"alignnone wp-image-797 size-full\" src=\"https:\/\/www.lesconferencesdubienvieillir.fr\/wp-content\/uploads\/2019\/05\/conference-decider-de-vieillir-heureux.jpg\" alt=\"\" width=\"282\" height=\"159\" \/><\/a><\/p>\n<h4><strong>Peut-on d\u00e9cider de vieillir heureux ?<\/strong><\/h4>\n\n<ul class=\"list-6\">\n<li>07\/12\/2017<\/li>\n<\/ul>\n\n\n<ul class=\"list-7\">\n<li>Marie de HENNEZEL, psychologue clinicienne et \u00e9crivain<\/li>\n<\/ul>\n\n\n<ul class=\"list-10\">\n<li><strong><span style=\"color: #00abbe;\"><a style=\"color: #00abbe;\" href=\"https:\/\/www.lesconferencesdubienvieillir.fr\/?page_id=638\" target=\"_blank\" rel=\"noopener noreferrer\">Voir la conf\u00e9rence<\/a><\/span><\/strong><\/li>\n<\/ul>\n\n<\/div>\n<div class=\"one_third\">\n<p><a href=\"https:\/\/www.lesconferencesdubienvieillir.fr\/?page_id=736\" target=\"_blank\" rel=\"noopener noreferrer\"><img loading=\"lazy\" decoding=\"async\" class=\"alignnone wp-image-791 \" src=\"https:\/\/www.lesconferencesdubienvieillir.fr\/wp-content\/uploads\/2019\/05\/video-conf-la-guerre-des-generations-300x169.jpg\" alt=\"\" width=\"282\" height=\"159\" srcset=\"https:\/\/www.lesconferencesdubienvieillir.fr\/wp-content\/uploads\/2019\/05\/video-conf-la-guerre-des-generations-300x169.jpg 300w, https:\/\/www.lesconferencesdubienvieillir.fr\/wp-content\/uploads\/2019\/05\/video-conf-la-guerre-des-generations.jpg 500w\" sizes=\"auto, (max-width: 282px) 100vw, 282px\" \/><\/a><\/p>\n<h4><strong>La Guerre des g\u00e9n\u00e9rations aura-t-elle lieu ?<br \/>\n<\/strong><\/h4>\n\n<ul class=\"list-6\">\n<li>22\/11\/2018<\/li>\n<\/ul>\n\n\n<ul class=\"list-7\">\n<li>Serge GUERIN, sociologue, \u00e9crivain et ma\u00eetre de conf\u00e9rence<\/li>\n<\/ul>\n\n\n<ul class=\"list-10\">\n<li><strong><span style=\"color: #00abbe;\"><a style=\"color: #00abbe;\" href=\"https:\/\/www.lesconferencesdubienvieillir.fr\/?page_id=736\" target=\"_blank\" rel=\"noopener noreferrer\">Voir la conf\u00e9rence<\/a><\/span><\/strong><\/li>\n<\/ul>\n\n<\/div>\n<div class=\"one_third\">\n<\/div>\n<div class=\"one_third last_column\">\n<\/div>\n","protected":false},"excerpt":{"rendered":"<p>Dans les pages ci-contre, vous trouverez les \u00e9l\u00e9ments des pr\u00e9c\u00e9dentes \u00e9ditions des conf\u00e9rences ainsi que les \u00e9ventuels enregistrements des interventions.<\/p>\n","protected":false},"author":1,"featured_media":0,"parent":0,"menu_order":0,"comment_status":"closed","ping_status":"open","template":"page-FullWidth.php","meta":{"footnotes":""},"class_list":["post-172","page","type-page","status-publish","hentry"],"_links":{"self":[{"href":"https:\/\/www.lesconferencesdubienvieillir.fr\/index.php?rest_route=\/wp\/v2\/pages\/172","targetHints":{"allow":["GET"]}}],"collection":[{"href":"https:\/\/www.lesconferencesdubienvieillir.fr\/index.php?rest_route=\/wp\/v2\/pages"}],"about":[{"href":"https:\/\/www.lesconferencesdubienvieillir.fr\/index.php?rest_route=\/wp\/v2\/types\/page"}],"author":[{"embeddable":true,"href":"https:\/\/www.lesconferencesdubienvieillir.fr\/index.php?rest_route=\/wp\/v2\/users\/1"}],"replies":[{"embeddable":true,"href":"https:\/\/www.lesconferencesdubienvieillir.fr\/index.php?rest_route=%2Fwp%2Fv2%2Fcomments&post=172"}],"version-history":[{"count":13,"href":"https:\/\/www.lesconferencesdubienvieillir.fr\/index.php?rest_route=\/wp\/v2\/pages\/172\/revisions"}],"predecessor-version":[{"id":977,"href":"https:\/\/www.lesconferencesdubienvieillir.fr\/index.php?rest_route=\/wp\/v2\/pages\/172\/revisions\/977"}],"wp:attachment":[{"href":"https:\/\/www.lesconferencesdubienvieillir.fr\/index.php?rest_route=%2Fwp%2Fv2%2Fmedia&parent=172"}],"curies":[{"name":"wp","href":"https:\/\/api.w.org\/{rel}","templated":true}]}}